{"id":9126,"date":"2021-06-02T11:32:40","date_gmt":"2021-06-02T09:32:40","guid":{"rendered":"http:\/\/olonnasurfclub.fr\/?page_id=9126"},"modified":"2021-06-17T16:39:46","modified_gmt":"2021-06-17T14:39:46","slug":"mentions-legales","status":"publish","type":"page","link":"http:\/\/olonnasurfclub.fr\/index.php\/mentions-legales\/","title":{"rendered":"Mentions l\u00e9gales"},"content":{"rendered":"<p>[et_pb_section fb_built=\u00a0\u00bb1&Prime; _builder_version=\u00a0\u00bb4.8.1&Prime; _module_preset=\u00a0\u00bbdefault\u00a0\u00bb custom_padding=\u00a0\u00bb0px||0px|||\u00a0\u00bb locked=\u00a0\u00bboff\u00a0\u00bb][et_pb_row _builder_version=\u00a0\u00bb4.8.1&Prime; _module_preset=\u00a0\u00bbdefault\u00a0\u00bb][et_pb_column type=\u00a0\u00bb4_4&Prime; _builder_version=\u00a0\u00bb4.8.1&Prime; _module_preset=\u00a0\u00bbdefault\u00a0\u00bb][et_pb_blurb title=\u00a0\u00bbMentions l\u00e9gales\u00a0\u00bb content_max_width=\u00a0\u00bb90%\u00a0\u00bb _builder_version=\u00a0\u00bb4.8.1&Prime; _module_preset=\u00a0\u00bbdefault\u00a0\u00bb header_font=\u00a0\u00bbMontserrat|700||on|||||\u00a0\u00bb header_text_align=\u00a0\u00bbcenter\u00a0\u00bb header_text_color=\u00a0\u00bb#007a68&Prime; header_font_size=\u00a0\u00bb45px\u00a0\u00bb header_line_height=\u00a0\u00bb1.8em\u00a0\u00bb body_font=\u00a0\u00bbMontserrat|300|||||||\u00a0\u00bb body_text_color=\u00a0\u00bb#000000&Prime; body_font_size=\u00a0\u00bb16px\u00a0\u00bb body_letter_spacing=\u00a0\u00bb1px\u00a0\u00bb body_line_height=\u00a0\u00bb1.8em\u00a0\u00bb text_orientation=\u00a0\u00bbcenter\u00a0\u00bb width=\u00a0\u00bb100%\u00a0\u00bb max_width=\u00a0\u00bb100%\u00a0\u00bb module_alignment=\u00a0\u00bbcenter\u00a0\u00bb hover_enabled=\u00a0\u00bb0&Prime; header_font_size_last_edited=\u00a0\u00bbon|phone\u00a0\u00bb sticky_enabled=\u00a0\u00bb0&Prime; header_font_size_tablet=\u00a0\u00bb35px\u00a0\u00bb header_font_size_phone=\u00a0\u00bb30px\u00a0\u00bb header_line_height_last_edited=\u00a0\u00bbon|phone\u00a0\u00bb header_line_height_phone=\u00a0\u00bb1.5em\u00a0\u00bb]<\/p>\n<div class=\"et_pb_module et_pb_text et_pb_text_1  et_pb_text_align_left et_pb_bg_layout_light et_had_animation\">\n<div class=\"et_pb_text_inner\">\n<p style=\"text-align: center;\">Merci de lire attentivement les pr\u00e9sentes modalit\u00e9s d&rsquo;utilisation du pr\u00e9sent site avant de le parcourir. En vous connectant sur ce site, vous acceptez sans r\u00e9serve les pr\u00e9sentes modalit\u00e9s.<\/p>\n<\/div>\n<\/div>\n<p>[\/et_pb_blurb][\/et_pb_column][\/et_pb_row][et_pb_row _builder_version=\u00a0\u00bb4.8.1&Prime; _module_preset=\u00a0\u00bbdefault\u00a0\u00bb custom_margin=\u00a0\u00bb||3%||false|false\u00a0\u00bb custom_padding=\u00a0\u00bb1%||0%||false|false\u00a0\u00bb hover_enabled=\u00a0\u00bb0&Prime; width_last_edited=\u00a0\u00bboff|desktop\u00a0\u00bb sticky_enabled=\u00a0\u00bb0&Prime;][et_pb_column type=\u00a0\u00bb4_4&Prime; _builder_version=\u00a0\u00bb4.7.7&Prime; _module_preset=\u00a0\u00bbdefault\u00a0\u00bb][et_pb_blurb title=\u00a0\u00bbPR\u00c9AMBULE\u00a0\u00bb content_max_width=\u00a0\u00bb1074px\u00a0\u00bb _builder_version=\u00a0\u00bb4.8.1&Prime; _module_preset=\u00a0\u00bbdefault\u00a0\u00bb header_level=\u00a0\u00bbh3&Prime; header_font=\u00a0\u00bbMontserrat|600||on|||||\u00a0\u00bb header_text_color=\u00a0\u00bb#007a68&Prime; header_font_size=\u00a0\u00bb26px\u00a0\u00bb header_letter_spacing=\u00a0\u00bb1px\u00a0\u00bb header_line_height=\u00a0\u00bb1.2em\u00a0\u00bb body_font=\u00a0\u00bbMontserrat|300|||||||\u00a0\u00bb body_text_color=\u00a0\u00bb#000000&Prime; body_font_size=\u00a0\u00bb18px\u00a0\u00bb body_line_height=\u00a0\u00bb1.8em\u00a0\u00bb width=\u00a0\u00bb100%\u00a0\u00bb custom_margin=\u00a0\u00bb||3%||false|false\u00a0\u00bb custom_padding=\u00a0\u00bb1%||0%||false|false\u00a0\u00bb]<\/p>\n<p>La pr\u00e9sente Politique de Protection des Donn\u00e9es Personnelles s\u2019adresse aux utilisateurs du site Internet www.olonnasurfclub.com, c\u2019est-\u00e0-dire \u00e0 toute personne qui acc\u00e8de et navigue sur ce Site, ainsi qu\u2019\u00e0 l\u2019ensemble des personnes physiques \u00e9changeant des donn\u00e9es personnelles avec l&rsquo;Olonna Surf Club.<\/p>\n<p>[\/et_pb_blurb][et_pb_blurb title=\u00a0\u00bbQUI COLLECTE MES DONN\u00c9ES\u00a0\u00bb content_max_width=\u00a0\u00bb1074px\u00a0\u00bb _builder_version=\u00a0\u00bb4.8.1&Prime; _module_preset=\u00a0\u00bbdefault\u00a0\u00bb header_level=\u00a0\u00bbh3&Prime; header_font=\u00a0\u00bbMontserrat|600||on|||||\u00a0\u00bb header_text_color=\u00a0\u00bb#007a68&Prime; header_font_size=\u00a0\u00bb26px\u00a0\u00bb header_letter_spacing=\u00a0\u00bb1px\u00a0\u00bb header_line_height=\u00a0\u00bb1.2em\u00a0\u00bb body_font=\u00a0\u00bbMontserrat|300|||||||\u00a0\u00bb body_text_color=\u00a0\u00bb#000000&Prime; body_font_size=\u00a0\u00bb18px\u00a0\u00bb body_line_height=\u00a0\u00bb1.8em\u00a0\u00bb width=\u00a0\u00bb100%\u00a0\u00bb custom_margin=\u00a0\u00bb||3%||false|false\u00a0\u00bb custom_padding=\u00a0\u00bb1%||0%||false|false\u00a0\u00bb]<\/p>\n<p>Le responsable de traitement des donn\u00e9es personnelles des utilisateurs collect\u00e9s via le Site est la Soci\u00e9t\u00e9 :<\/p>\n<table width=\"560\" height=\"430\">\n<tbody>\n<tr>\n<td>D\u00e9nomination sociale<\/td>\n<td>Olonna Surf Club<\/td>\n<\/tr>\n<tr>\n<td>Forme sociale<\/td>\n<td><span>Association d\u00e9clar\u00e9e<\/span><\/td>\n<\/tr>\n<tr>\n<td>SIREN<\/td>\n<td>518226451<\/td>\n<\/tr>\n<tr>\n<td>Adresse du si\u00e8ge social<\/td>\n<td>\n<p>1 Promenade Kennedy<\/p>\n<p>85100 Les Sables d&rsquo;Olonne<\/p>\n<\/td>\n<\/tr>\n<tr>\n<td>Repr\u00e9sentant l\u00e9gal<\/td>\n<td>Pascal Caduc<\/td>\n<\/tr>\n<tr>\n<td>Contact<\/td>\n<td>+33 6 11 84 26 86<\/td>\n<\/tr>\n<\/tbody>\n<\/table>\n<p>[\/et_pb_blurb][et_pb_blurb title=\u00a0\u00bbLES COOKIES\u00a0\u00bb content_max_width=\u00a0\u00bb1074px\u00a0\u00bb _builder_version=\u00a0\u00bb4.8.1&Prime; _module_preset=\u00a0\u00bbdefault\u00a0\u00bb header_level=\u00a0\u00bbh3&Prime; header_font=\u00a0\u00bbMontserrat|600||on|||||\u00a0\u00bb header_text_color=\u00a0\u00bb#007a68&Prime; header_font_size=\u00a0\u00bb26px\u00a0\u00bb header_letter_spacing=\u00a0\u00bb1px\u00a0\u00bb header_line_height=\u00a0\u00bb1.2em\u00a0\u00bb body_font=\u00a0\u00bbMontserrat|300|||||||\u00a0\u00bb body_text_color=\u00a0\u00bb#000000&Prime; body_font_size=\u00a0\u00bb18px\u00a0\u00bb body_line_height=\u00a0\u00bb1.8em\u00a0\u00bb width=\u00a0\u00bb100%\u00a0\u00bb custom_margin=\u00a0\u00bb||3%||false|false\u00a0\u00bb custom_padding=\u00a0\u00bb1%||0%||false|false\u00a0\u00bb]<\/p>\n<p class=\"text-align-left\">En navigant sur le site, vous consentez \u00e0 ce que les cookies tels que d\u00e9crits ci-dessous puissent \u00eatre plac\u00e9s sur votre terminal conform\u00e9ment \u00e0 la pr\u00e9sente Politique de protection des donn\u00e9es personnelles.<\/p>\n<p>[\/et_pb_blurb][et_pb_blurb title=\u00a0\u00bbQU\u2019EST CE QU\u2019UN COOKIE ?\u00a0\u00bb content_max_width=\u00a0\u00bb1074px\u00a0\u00bb _builder_version=\u00a0\u00bb4.8.1&Prime; _module_preset=\u00a0\u00bbdefault\u00a0\u00bb header_level=\u00a0\u00bbh3&Prime; header_font=\u00a0\u00bbMontserrat|600||on|||||\u00a0\u00bb header_text_color=\u00a0\u00bb#007a68&Prime; header_font_size=\u00a0\u00bb26px\u00a0\u00bb header_letter_spacing=\u00a0\u00bb1px\u00a0\u00bb header_line_height=\u00a0\u00bb1.2em\u00a0\u00bb body_font=\u00a0\u00bbMontserrat|300|||||||\u00a0\u00bb body_text_color=\u00a0\u00bb#000000&Prime; body_font_size=\u00a0\u00bb18px\u00a0\u00bb body_line_height=\u00a0\u00bb1.8em\u00a0\u00bb width=\u00a0\u00bb100%\u00a0\u00bb custom_margin=\u00a0\u00bb||3%||false|false\u00a0\u00bb custom_padding=\u00a0\u00bb1%||0%||false|false\u00a0\u00bb]<\/p>\n<p>Un cookie est un petit fichier texte d\u00e9pos\u00e9 sur le disque dur de votre terminal lors de votre visite sur un site Internet. Il enregistre certaines informations sur votre navigation ou sur votre comportement en ligne qui nous permettent d\u2019am\u00e9liorer et de faciliter votre exp\u00e9rience en qualit\u00e9 d\u2019internaute.<\/p>\n<p>[\/et_pb_blurb][et_pb_blurb title=\u00a0\u00bb\u00c0 QUOI SERVENT LES COOKIES ?\u00a0\u00bb content_max_width=\u00a0\u00bb1074px\u00a0\u00bb _builder_version=\u00a0\u00bb4.8.1&Prime; _module_preset=\u00a0\u00bbdefault\u00a0\u00bb header_level=\u00a0\u00bbh3&Prime; header_font=\u00a0\u00bbMontserrat|600||on|||||\u00a0\u00bb header_text_color=\u00a0\u00bb#007a68&Prime; header_font_size=\u00a0\u00bb26px\u00a0\u00bb header_letter_spacing=\u00a0\u00bb1px\u00a0\u00bb header_line_height=\u00a0\u00bb1.2em\u00a0\u00bb body_font=\u00a0\u00bbMontserrat|300|||||||\u00a0\u00bb body_text_color=\u00a0\u00bb#000000&Prime; body_font_size=\u00a0\u00bb18px\u00a0\u00bb body_line_height=\u00a0\u00bb1.8em\u00a0\u00bb width=\u00a0\u00bb100%\u00a0\u00bb custom_margin=\u00a0\u00bb||3%||false|false\u00a0\u00bb custom_padding=\u00a0\u00bb1%||0%||false|false\u00a0\u00bb]<\/p>\n<p>Le site utilise des cookies afin de diff\u00e9rencier les internautes pour am\u00e9liorer leur navigation et les services qui leur sont propos\u00e9s. En pratique, les cookies permettent ainsi de vous authentifier et de vous identifier, ils peuvent \u00e9galement enregistrer vos pr\u00e9f\u00e9rences ou mesurer les diff\u00e9rents usages du site.<\/p>\n<p>[\/et_pb_blurb][et_pb_blurb title=\u00a0\u00bbQUELS SONT LES COOKIES PR\u00c9SENTS SUR LE SITE ?\u00a0\u00bb content_max_width=\u00a0\u00bb1074px\u00a0\u00bb _builder_version=\u00a0\u00bb4.8.1&Prime; _module_preset=\u00a0\u00bbdefault\u00a0\u00bb header_level=\u00a0\u00bbh3&Prime; header_font=\u00a0\u00bbMontserrat|600||on|||||\u00a0\u00bb header_text_color=\u00a0\u00bb#007a68&Prime; header_font_size=\u00a0\u00bb26px\u00a0\u00bb header_letter_spacing=\u00a0\u00bb1px\u00a0\u00bb header_line_height=\u00a0\u00bb1.2em\u00a0\u00bb body_font=\u00a0\u00bbMontserrat|300|||||||\u00a0\u00bb body_text_color=\u00a0\u00bb#000000&Prime; body_font_size=\u00a0\u00bb18px\u00a0\u00bb body_line_height=\u00a0\u00bb1.8em\u00a0\u00bb width=\u00a0\u00bb100%\u00a0\u00bb custom_margin=\u00a0\u00bb||3%||false|false\u00a0\u00bb custom_padding=\u00a0\u00bb1%||0%||false|false\u00a0\u00bb]<\/p>\n<p>L&rsquo;Olonna Surf Club privil\u00e9gie la transparence dans le traitement de vos donn\u00e9es personnelles. \u00c0 ce titre et pour que votre information soit la plus claire possible, vous trouverez ci-dessous diff\u00e9rents cookies utilis\u00e9s sur le Site et leur finalit\u00e9.<\/p>\n<p>Il en existe principalement de deux types\u00a0: les cookies de tiers et les cookies utilis\u00e9s par l&rsquo;Olonna Surf Club.<\/p>\n<p>[\/et_pb_blurb][et_pb_blurb title=\u00a0\u00bbLES COOKIES DE TIERS\u00a0\u00bb content_max_width=\u00a0\u00bb1074px\u00a0\u00bb _builder_version=\u00a0\u00bb4.8.1&Prime; _module_preset=\u00a0\u00bbdefault\u00a0\u00bb header_level=\u00a0\u00bbh3&Prime; header_font=\u00a0\u00bbMontserrat|600||on|||||\u00a0\u00bb header_text_color=\u00a0\u00bb#007a68&Prime; header_font_size=\u00a0\u00bb26px\u00a0\u00bb header_letter_spacing=\u00a0\u00bb1px\u00a0\u00bb header_line_height=\u00a0\u00bb1.2em\u00a0\u00bb body_font=\u00a0\u00bbMontserrat|300|||||||\u00a0\u00bb body_text_color=\u00a0\u00bb#000000&Prime; body_font_size=\u00a0\u00bb18px\u00a0\u00bb body_line_height=\u00a0\u00bb1.8em\u00a0\u00bb width=\u00a0\u00bb100%\u00a0\u00bb custom_margin=\u00a0\u00bb||3%||false|false\u00a0\u00bb custom_padding=\u00a0\u00bb1%||0%||false|false\u00a0\u00bb]<\/p>\n<p>En vous rendant sur le site, il est possible que des soci\u00e9t\u00e9s partenaires implantent des cookies sur votre terminal. Ces cookies sont utilis\u00e9s par des prestataires publicitaires sur le site. Les cookies contenus au sein m\u00eame des publicit\u00e9s ont pour objectif de fournir des informations et des statistiques sur la pertinence de leur diffusion (nombre d\u2019utilisateurs cliquant sur la publicit\u00e9, nombre de fois o\u00f9 elle est affich\u00e9e etc.). Dans les param\u00e9trages de votre navigateur, vous pourrez d\u00e9sactiver ces cookies tiers, nous vous expliquons comment ci-dessous.<\/p>\n<p>[\/et_pb_blurb][et_pb_blurb title=\u00a0\u00bbLES COOKIES UTILIS\u00c9S PAR L&rsquo;OLONNA SURF CLUB\u00a0\u00bb content_max_width=\u00a0\u00bb1074px\u00a0\u00bb _builder_version=\u00a0\u00bb4.8.1&Prime; _module_preset=\u00a0\u00bbdefault\u00a0\u00bb header_level=\u00a0\u00bbh3&Prime; header_font=\u00a0\u00bbMontserrat|600||on|||||\u00a0\u00bb header_text_color=\u00a0\u00bb#007a68&Prime; header_font_size=\u00a0\u00bb26px\u00a0\u00bb header_letter_spacing=\u00a0\u00bb1px\u00a0\u00bb header_line_height=\u00a0\u00bb1.2em\u00a0\u00bb body_font=\u00a0\u00bbMontserrat|300|||||||\u00a0\u00bb body_text_color=\u00a0\u00bb#000000&Prime; body_font_size=\u00a0\u00bb18px\u00a0\u00bb body_line_height=\u00a0\u00bb1.8em\u00a0\u00bb width=\u00a0\u00bb100%\u00a0\u00bb custom_margin=\u00a0\u00bb||3%||false|false\u00a0\u00bb custom_padding=\u00a0\u00bb1%||0%||false|false\u00a0\u00bb]<\/p>\n<p>Lors de votre arriv\u00e9e sur le site, vous avez \u00e9t\u00e9 inform\u00e9 (Cf.\u00a0bandeau d\u2019affichage) de la pr\u00e9sence de cookies traceurs destin\u00e9s notamment \u00e0 r\u00e9aliser des statistiques de visites et de la possibilit\u00e9 de vous y opposer en acc\u00e9dant au pr\u00e9sent document.<\/p>\n<section class=\"cnim-block cnim-block-simple text-black background-white\">\n<div class=\"container-medium\">\n<div class=\"cnim-block-desc content-wysiwyg\">\n<div class=\"clearfix text-formatted field field--name-body field--type-text-with-summary field--label-hidden field__item\">\n<p>Comme indiqu\u00e9 pr\u00e9c\u00e9demment, en choisissant de bloquer nos cookies, nous tenons \u00e0 vous informer que la navigation sur le site et\/ou l\u2019utilisation de certaines fonctionnalit\u00e9s pourrait \u00eatre l\u00e9g\u00e8rement affect\u00e9es.<\/p>\n<\/div>\n<\/div>\n<\/div>\n<\/section>\n<p>[\/et_pb_blurb][et_pb_blurb title=\u00a0\u00bbINSTALLER CES COOKIES : C\u2019EST VOTRE CHOIX\u00a0\u00bb content_max_width=\u00a0\u00bb1074px\u00a0\u00bb _builder_version=\u00a0\u00bb4.8.1&Prime; _module_preset=\u00a0\u00bbdefault\u00a0\u00bb header_level=\u00a0\u00bbh3&Prime; header_font=\u00a0\u00bbMontserrat|600||on|||||\u00a0\u00bb header_text_color=\u00a0\u00bb#007a68&Prime; header_font_size=\u00a0\u00bb26px\u00a0\u00bb header_letter_spacing=\u00a0\u00bb1px\u00a0\u00bb header_line_height=\u00a0\u00bb1.2em\u00a0\u00bb body_font=\u00a0\u00bbMontserrat|300|||||||\u00a0\u00bb body_text_color=\u00a0\u00bb#000000&Prime; body_font_size=\u00a0\u00bb18px\u00a0\u00bb body_line_height=\u00a0\u00bb1.8em\u00a0\u00bb width=\u00a0\u00bb100%\u00a0\u00bb custom_margin=\u00a0\u00bb||3%||false|false\u00a0\u00bb custom_padding=\u00a0\u00bb1%||0%||false|false\u00a0\u00bb]<\/p>\n<section class=\"cnim-block cnim-block-simple text-black background-white\">\n<section class=\"cnim-block cnim-block-intro text-black background-grey\">\n<div class=\"container-medium\"><\/div>\n<\/section>\n<section class=\"cnim-block cnim-block-simple text-black background-white\">\n<div class=\"container-medium\">\n<div class=\"cnim-block-desc content-wysiwyg\">\n<div class=\"clearfix text-formatted field field--name-body field--type-text-with-summary field--label-hidden field__item\">\n<p>Sur vos ordinateurs, smartphones et autres terminaux d\u2019acc\u00e8s \u00e0 Internet, par d\u00e9faut le logiciel de navigation accepte les cookies pr\u00e9sents sur les sites Internet.<\/p>\n<p>Vous restez toutefois ma\u00eetre de l\u2019installation de ces cookies car vous avez la possibilit\u00e9 de configurer votre logiciel de navigation pour :<\/p>\n<ul>\n<li>Accepter ou refuser les cookies se trouvant sur le Site\u00a0;<\/li>\n<li>Refuser syst\u00e9matiquement tous les cookies\u00a0;<\/li>\n<li>Demander votre consentement sur chacun des cookies que vous rencontrez lors de votre navigation sur Internet.<\/li>\n<\/ul>\n<p>Pour ce faire, il vous suffit de vous reporter \u00e0 vos logiciels de navigation et de suivre leurs instructions. \u00c0 titre d\u2019exemple :<\/p>\n<ul>\n<li>Avec Internet Explorer\u2122 : menu Outils \u25ba Options Internet \u25ba Onglet Confidentialit\u00e9 \u25ba Choisissez le niveau souhait\u00e9<\/li>\n<li>Avec Firefox\u2122 : menu Outils \u25ba Options \u25ba Onglet Vie priv\u00e9e \u25ba Choisissez les options souhait\u00e9es<\/li>\n<li>Avec Chrome\u2122 : menu de configuration (logo param\u00e8tres) \u25ba Param\u00e8tres \u25ba Param\u00e8tres avanc\u00e9s \u25ba Param\u00e8tres de contenu \u25ba Choisissez les options souhait\u00e9es<\/li>\n<li>Avec Opera\u2122 : menu Outils \u25ba Pr\u00e9f\u00e9rences \u25ba Onglet Avanc\u00e9 \u25ba Rubrique Cookies \u25ba G\u00e9rer les cookies \u25ba Choisissez les options souhait\u00e9es<\/li>\n<\/ul>\n<\/div>\n<\/div>\n<div class=\"cnim-block-desc content-wysiwyg\">\n<section class=\"cnim-block cnim-block-simple text-black background-white\">\n<div class=\"container-medium\">\n<div class=\"cnim-block-desc content-wysiwyg\">\n<section class=\"cnim-block cnim-block-simple text-black background-white\">\n<div class=\"container-medium\">\n<div class=\"cnim-block-desc content-wysiwyg\">\n<div class=\"clearfix text-formatted field field--name-body field--type-text-with-summary field--label-hidden field__item\">\n<section class=\"cnim-block cnim-block-simple text-black background-white\">\n<div class=\"container-medium\">\n<div class=\"cnim-block-desc content-wysiwyg\">\n<section class=\"cnim-block cnim-block-simple text-black background-white\">\n<div class=\"container-medium\">\n<div class=\"cnim-block-desc content-wysiwyg\">\n<div class=\"clearfix text-formatted field field--name-body field--type-text-with-summary field--label-hidden field__item\">\n<section class=\"cnim-block cnim-block-simple text-black background-white\">\n<div class=\"container-medium\"><\/div>\n<\/section>\n<\/div>\n<\/div>\n<\/div>\n<\/section>\n<\/div>\n<\/div>\n<\/section>\n<\/div>\n<\/div>\n<\/div>\n<\/section>\n<\/div>\n<\/div>\n<\/section>\n<\/div>\n<\/div>\n<\/section>\n<\/section>\n<p>[\/et_pb_blurb][et_pb_blurb title=\u00a0\u00bb DUR\u00c9E DE CONSERVATION\u00a0\u00bb content_max_width=\u00a0\u00bb1074px\u00a0\u00bb _builder_version=\u00a0\u00bb4.8.1&Prime; _module_preset=\u00a0\u00bbdefault\u00a0\u00bb header_level=\u00a0\u00bbh3&Prime; header_font=\u00a0\u00bbMontserrat|600||on|||||\u00a0\u00bb header_text_color=\u00a0\u00bb#007a68&Prime; header_font_size=\u00a0\u00bb26px\u00a0\u00bb header_letter_spacing=\u00a0\u00bb1px\u00a0\u00bb header_line_height=\u00a0\u00bb1.2em\u00a0\u00bb body_font=\u00a0\u00bbMontserrat|300|||||||\u00a0\u00bb body_text_color=\u00a0\u00bb#000000&Prime; body_font_size=\u00a0\u00bb18px\u00a0\u00bb body_line_height=\u00a0\u00bb1.8em\u00a0\u00bb width=\u00a0\u00bb100%\u00a0\u00bb custom_margin=\u00a0\u00bb||3%||false|false\u00a0\u00bb custom_padding=\u00a0\u00bb1%||0%||false|false\u00a0\u00bb]<\/p>\n<section class=\"cnim-block cnim-block-simple text-black background-white\">\n<section class=\"cnim-block cnim-block-intro text-black background-grey\"><\/section>\n<section class=\"cnim-block cnim-block-simple text-black background-white\">\n<div class=\"container-medium\">\n<div class=\"cnim-block-desc content-wysiwyg\">\n<section class=\"cnim-block cnim-block-intro text-black background-grey\">\n<div class=\"container-medium\">\n<h3 class=\"cnim-block-title-big\"><\/h3>\n<\/div>\n<\/section>\n<section class=\"cnim-block cnim-block-simple text-black background-white\">\n<div class=\"container-medium\">\n<div class=\"cnim-block-desc content-wysiwyg\">\n<div class=\"clearfix text-formatted field field--name-body field--type-text-with-summary field--label-hidden field__item\">\n<p>En tout \u00e9tat de cause, les cookies stock\u00e9s dans votre terminal ou tout autre \u00e9l\u00e9ment utilis\u00e9 pour vous identifier \u00e0 des fins de statistiques ou d\u2019audience auront une dur\u00e9e de vie raisonnable \u00e0 la finalit\u00e9 du traitement envisag\u00e9 dans la limite de treize (13) mois maximum, cette dur\u00e9e n\u2019\u00e9tant pas prorog\u00e9e automatiquement lors de vos nouvelles visites sur le Site.<\/p>\n<p>Au-del\u00e0, les donn\u00e9es de fr\u00e9quentation brutes associ\u00e9es \u00e0 un identifiant sont soit supprim\u00e9es soit anonymis\u00e9es.<\/p>\n<\/div>\n<\/div>\n<\/div>\n<\/section>\n<\/div>\n<\/div>\n<\/section>\n<\/section>\n<p>[\/et_pb_blurb][et_pb_blurb title=\u00a0\u00bbLES AUTRES TYPES DE DONN\u00c9ES PERSONNELLES\u00a0\u00bb content_max_width=\u00a0\u00bb1074px\u00a0\u00bb _builder_version=\u00a0\u00bb4.8.1&Prime; _module_preset=\u00a0\u00bbdefault\u00a0\u00bb header_level=\u00a0\u00bbh3&Prime; header_font=\u00a0\u00bbMontserrat|600||on|||||\u00a0\u00bb header_text_color=\u00a0\u00bb#007a68&Prime; header_font_size=\u00a0\u00bb26px\u00a0\u00bb header_letter_spacing=\u00a0\u00bb1px\u00a0\u00bb header_line_height=\u00a0\u00bb1.2em\u00a0\u00bb body_font=\u00a0\u00bbMontserrat|300|||||||\u00a0\u00bb body_text_color=\u00a0\u00bb#000000&Prime; body_font_size=\u00a0\u00bb18px\u00a0\u00bb body_line_height=\u00a0\u00bb1.8em\u00a0\u00bb width=\u00a0\u00bb100%\u00a0\u00bb custom_margin=\u00a0\u00bb||3%||false|false\u00a0\u00bb custom_padding=\u00a0\u00bb1%||0%||false|false\u00a0\u00bb]<\/p>\n<section class=\"cnim-block cnim-block-simple text-black background-white\">\n<section class=\"cnim-block cnim-block-intro text-black background-grey\">\n<p class=\"container-medium\">Lors de votre passage sur notre Site, vous n\u2019\u00eates pas oblig\u00e9 de fournir des Donn\u00e9es Personnelles vous concernant. Toutefois, pour acc\u00e9der \u00e0 certaines fonctionnalit\u00e9s de nos sites Internet, par exemple pour le t\u00e9l\u00e9chargement de livres-blancs, nous pouvons \u00eatre amen\u00e9s \u00e0 traiter des Donn\u00e9es Personnelles vous concernant. Ce traitement se fait sur la base de votre consentement.<\/p>\n<\/section>\n<section class=\"cnim-block cnim-block-simple text-black background-white\">\n<div class=\"container-medium\">\n<div class=\"cnim-block-desc content-wysiwyg\">\n<section class=\"cnim-block cnim-block-simple text-black background-white\">\n<div class=\"container-medium\">\n<div class=\"cnim-block-desc content-wysiwyg\">\n<section class=\"cnim-block cnim-block-simple text-black background-white\">\n<div class=\"container-medium\">\n<div class=\"cnim-block-desc content-wysiwyg\">\n<div class=\"clearfix text-formatted field field--name-body field--type-text-with-summary field--label-hidden field__item\">\n<p>Si vous ne communiquez pas ces Donn\u00e9es Personnelles, vous ne pourrez pas b\u00e9n\u00e9ficier des services correspondants propos\u00e9s par nos sites Internet, tels que le t\u00e9l\u00e9chargement de documents ou le recrutement.<\/p>\n<p>A cette occasion nous vous rappelons que les droits attach\u00e9s aux lois et r\u00e8glements organisant la protection des donn\u00e9es personnelles sont des droits strictement personnels, en communiquant des Donn\u00e9es Personnelles \u00e0 l&rsquo;Olonna Surf Club <strong>vous vous engagez \u00e0 ne communiquer des informations que sur vous-m\u00eame. <\/strong><\/p>\n<p><strong>Les informations recueillies sur ce site par le biais de nos formulaires de contact:<\/strong><\/p>\n<ul>\n<li>Sont destin\u00e9es \u00e0 l&rsquo;Olonna Surf Club, responsable de traitement\u00a0;<\/li>\n<li>Pour traiter votre demande de renseignement et \u00e0 des fins de prospection commerciale\u00a0;<\/li>\n<li>Ces informations seront conserv\u00e9es jusqu\u2019\u00e0 votre demande de suppression, ou jusqu\u2019\u00e0 3 ans \u00e0 compter de votre derni\u00e8re interaction avec nous.<\/li>\n<\/ul>\n<p><strong>Les informations trait\u00e9es lors de l\u2019envoi d\u2019une candidature spontan\u00e9e via une adresse mail fournie sur le Site\u00a0: <\/strong><\/p>\n<ul>\n<li>Sont destin\u00e9es \u00e0 l&rsquo;Olonna Surf Club, responsable de traitement\u00a0;<\/li>\n<li>Pour traiter votre candidature et votre \u00e9ventuel recrutement\u00a0;<\/li>\n<\/ul>\n<p>Ces informations seront conserv\u00e9es pendant toute la dur\u00e9e de votre relation contractuelle avec nous, si vous \u00eates recrut\u00e9 ou pour une p\u00e9riode de deux ans \u00e0 compter de votre derni\u00e8re interaction avec la soci\u00e9t\u00e9 concern\u00e9e.<\/p>\n<section class=\"cnim-block cnim-block-simple text-black background-white\">\n<div class=\"container-medium\">\n<div class=\"cnim-block-desc content-wysiwyg\">\n<section class=\"cnim-block cnim-block-simple text-black background-white\">\n<div class=\"container-medium\">\n<div class=\"cnim-block-desc content-wysiwyg\">\n<div class=\"clearfix text-formatted field field--name-body field--type-text-with-summary field--label-hidden field__item\">\n<section class=\"cnim-block cnim-block-simple text-black background-white\">\n<div class=\"container-medium\">\n<div class=\"cnim-block-desc content-wysiwyg\">\n<div class=\"clearfix text-formatted field field--name-body field--type-text-with-summary field--label-hidden field__item\"><\/div>\n<\/div>\n<\/div>\n<\/section>\n<\/div>\n<\/div>\n<\/div>\n<\/section>\n<\/div>\n<\/div>\n<\/section>\n<\/div>\n<\/div>\n<\/div>\n<\/section>\n<\/div>\n<\/div>\n<\/section>\n<\/div>\n<\/div>\n<\/section>\n<\/section>\n<p>[\/et_pb_blurb][et_pb_blurb title=\u00a0\u00bbVOS DROITS SUR VOS DONN\u00c9ES PERSONNELLES\u00a0\u00bb content_max_width=\u00a0\u00bb1074px\u00a0\u00bb _builder_version=\u00a0\u00bb4.8.1&Prime; _module_preset=\u00a0\u00bbdefault\u00a0\u00bb header_level=\u00a0\u00bbh3&Prime; header_font=\u00a0\u00bbMontserrat|600||on|||||\u00a0\u00bb header_text_color=\u00a0\u00bb#007a68&Prime; header_font_size=\u00a0\u00bb26px\u00a0\u00bb header_letter_spacing=\u00a0\u00bb1px\u00a0\u00bb header_line_height=\u00a0\u00bb1.2em\u00a0\u00bb body_font=\u00a0\u00bbMontserrat|300|||||||\u00a0\u00bb body_text_color=\u00a0\u00bb#000000&Prime; body_font_size=\u00a0\u00bb18px\u00a0\u00bb body_line_height=\u00a0\u00bb1.8em\u00a0\u00bb width=\u00a0\u00bb100%\u00a0\u00bb custom_margin=\u00a0\u00bb||3%||false|false\u00a0\u00bb custom_padding=\u00a0\u00bb1%||0%||false|false\u00a0\u00bb]<\/p>\n<section class=\"cnim-block cnim-block-simple text-black background-white\">\n<section class=\"cnim-block cnim-block-intro text-black background-grey\"><\/section>\n<section class=\"cnim-block cnim-block-simple text-black background-white\">\n<div class=\"container-medium\">\n<div class=\"cnim-block-desc content-wysiwyg\">\n<section class=\"cnim-block cnim-block-simple text-black background-white\">\n<div class=\"container-medium\">\n<div class=\"cnim-block-desc content-wysiwyg\">\n<section class=\"cnim-block cnim-block-simple text-black background-white\">\n<div class=\"container-medium\">\n<div class=\"cnim-block-desc content-wysiwyg\">\n<div class=\"clearfix text-formatted field field--name-body field--type-text-with-summary field--label-hidden field__item\">\n<section class=\"cnim-block cnim-block-intro text-black background-grey\">\n<div class=\"container-medium\">\n<p class=\"cnim-block-title-big\">Conform\u00e9ment \u00e0 la Loi informatique et libert\u00e9s de 1978 modifi\u00e9e et au R\u00e8glement g\u00e9n\u00e9ral sur la protection des donn\u00e9es (UE 2016\/679), vous disposez <strong>d\u2019un droit d\u2019acc\u00e8s, de portabilit\u00e9, de rectification, d\u2019opposition, de limitation ou de suppression des donn\u00e9es qui vous concernent<\/strong>.\u00a0 Pour en savoir plus sur vos droits, consultez le <a href=\"http:\/\/eur-lex.europa.eu\/legal-content\/FR\/TXT\/?uri=CELEX:32016R0679\"><strong>r\u00e8glement<\/strong><\/a>.<\/p>\n<\/div>\n<\/section>\n<section class=\"cnim-block cnim-block-simple text-black background-white\">\n<div class=\"container-medium\">\n<div class=\"cnim-block-desc content-wysiwyg\">\n<div class=\"clearfix text-formatted field field--name-body field--type-text-with-summary field--label-hidden field__item\">\n<p>Vous pouvez exercer ces droits en adressant un mail ou un courrier accompagn\u00e9 d\u2019une copie d\u2019un titre d\u2019identit\u00e9 valide et comportant une signature \u00e0 olonnasurfclub@gmail.com ou \u00e0 : D\u00e9l\u00e9gu\u00e9 \u00e0 la Protection des Donn\u00e9es \u2013 Olonna Surf Club \u2013\u00a0 1 Promenade Kennedy, 85100 Les Sables d&rsquo;Olonne.<\/p>\n<p>Les traitements r\u00e9alis\u00e9s par le biais de notre Site internet sont bas\u00e9s sur votre consentement, vous pouvez retirer celui-ci \u00e0 tout moment en suivant la proc\u00e9dure d\u00e9crite au paragraphe pr\u00e9c\u00e9dent. Cette r\u00e9tractation n\u2019aura d\u2019effet que pour l\u2019avenir et ne pourra remettre en cause la lic\u00e9it\u00e9 du traitement de donn\u00e9es personnelles d\u00e9j\u00e0 effectu\u00e9.<\/p>\n<p>En cas de violation de vos droits vous pouvez introduire une r\u00e9clamation aupr\u00e8s de la CNIL (Commission Nationale de l\u2019Informatique et des Libert\u00e9s), ou l\u2019autorit\u00e9 de contr\u00f4le de votre pays de r\u00e9sidence.<\/p>\n<\/div>\n<\/div>\n<\/div>\n<\/section>\n<\/div>\n<\/div>\n<\/div>\n<\/section>\n<\/div>\n<\/div>\n<\/section>\n<\/div>\n<\/div>\n<\/section>\n<\/section>\n<p>[\/et_pb_blurb][et_pb_blurb title=\u00a0\u00bbCONCEPTION ET R\u00c9ALISATION\u00a0\u00bb content_max_width=\u00a0\u00bb1074px\u00a0\u00bb _builder_version=\u00a0\u00bb4.8.1&Prime; _module_preset=\u00a0\u00bbdefault\u00a0\u00bb header_level=\u00a0\u00bbh3&Prime; header_font=\u00a0\u00bbMontserrat|600||on|||||\u00a0\u00bb header_text_color=\u00a0\u00bb#007a68&Prime; header_font_size=\u00a0\u00bb26px\u00a0\u00bb header_letter_spacing=\u00a0\u00bb1px\u00a0\u00bb header_line_height=\u00a0\u00bb1.2em\u00a0\u00bb body_font=\u00a0\u00bbMontserrat|300|||||||\u00a0\u00bb body_text_color=\u00a0\u00bb#000000&Prime; body_font_size=\u00a0\u00bb18px\u00a0\u00bb body_line_height=\u00a0\u00bb1.8em\u00a0\u00bb width=\u00a0\u00bb100%\u00a0\u00bb custom_margin=\u00a0\u00bb||3%||false|false\u00a0\u00bb custom_padding=\u00a0\u00bb1%||0%||false|false\u00a0\u00bb]<\/p>\n<section class=\"cnim-block cnim-block-simple text-black background-white\">\n<section class=\"cnim-block cnim-block-intro text-black background-grey\"><\/section>\n<section class=\"cnim-block cnim-block-simple text-black background-white\">\n<div class=\"container-medium\">\n<div class=\"cnim-block-desc content-wysiwyg\">\n<section class=\"cnim-block cnim-block-simple text-black background-white\">\n<div class=\"container-medium\">\n<div class=\"cnim-block-desc content-wysiwyg\">\n<section class=\"cnim-block cnim-block-simple text-black background-white\">\n<div class=\"container-medium\">\n<div class=\"cnim-block-desc content-wysiwyg\">\n<div class=\"clearfix text-formatted field field--name-body field--type-text-with-summary field--label-hidden field__item\">\n<section class=\"cnim-block cnim-block-intro text-black background-grey\"><\/section>\n<section class=\"cnim-block cnim-block-simple text-black background-white\">\n<div class=\"container-medium\">\n<div class=\"cnim-block-desc content-wysiwyg\">\n<section class=\"cnim-block cnim-block-simple text-black background-white\">\n<div class=\"container-medium\">\n<div class=\"cnim-block-desc content-wysiwyg\">\n<div class=\"clearfix text-formatted field field--name-body field--type-text-with-summary field--label-hidden field__item\">\n<p>Pierre-Louis Basset \u2013 Webdesigner et photographe<\/p>\n<\/div>\n<\/div>\n<\/div>\n<\/section>\n<\/div>\n<\/div>\n<\/section>\n<\/div>\n<\/div>\n<\/div>\n<\/section>\n<\/div>\n<\/div>\n<\/section>\n<\/div>\n<\/div>\n<\/section>\n<\/section>\n<p>[\/et_pb_blurb][et_pb_blurb title=\u00a0\u00bbCR\u00c9DITS PHOTOS\u00a0\u00bb content_max_width=\u00a0\u00bb1074px\u00a0\u00bb _builder_version=\u00a0\u00bb4.8.1&Prime; _module_preset=\u00a0\u00bbdefault\u00a0\u00bb header_level=\u00a0\u00bbh3&Prime; header_font=\u00a0\u00bbMontserrat|600||on|||||\u00a0\u00bb header_text_color=\u00a0\u00bb#007a68&Prime; header_font_size=\u00a0\u00bb26px\u00a0\u00bb header_letter_spacing=\u00a0\u00bb1px\u00a0\u00bb header_line_height=\u00a0\u00bb1.2em\u00a0\u00bb body_font=\u00a0\u00bbMontserrat|300|||||||\u00a0\u00bb body_text_color=\u00a0\u00bb#000000&Prime; body_font_size=\u00a0\u00bb18px\u00a0\u00bb body_line_height=\u00a0\u00bb1.8em\u00a0\u00bb width=\u00a0\u00bb100%\u00a0\u00bb custom_margin=\u00a0\u00bb||3%||false|false\u00a0\u00bb custom_padding=\u00a0\u00bb1%||0%||false|false\u00a0\u00bb]<\/p>\n<section class=\"cnim-block cnim-block-simple text-black background-white\">\n<section class=\"cnim-block cnim-block-intro text-black background-grey\"><\/section>\n<section class=\"cnim-block cnim-block-simple text-black background-white\">\n<div class=\"container-medium\">\n<div class=\"cnim-block-desc content-wysiwyg\">\n<section class=\"cnim-block cnim-block-simple text-black background-white\">\n<div class=\"container-medium\">\n<div class=\"cnim-block-desc content-wysiwyg\">\n<section class=\"cnim-block cnim-block-simple text-black background-white\">\n<div class=\"container-medium\">\n<div class=\"cnim-block-desc content-wysiwyg\">\n<div class=\"clearfix text-formatted field field--name-body field--type-text-with-summary field--label-hidden field__item\">\n<section class=\"cnim-block cnim-block-intro text-black background-grey\"><\/section>\n<section class=\"cnim-block cnim-block-simple text-black background-white\">\n<div class=\"container-medium\">\n<div class=\"cnim-block-desc content-wysiwyg\">\n<section class=\"cnim-block cnim-block-simple text-black background-white\">\n<div class=\"container-medium\">\n<div class=\"cnim-block-desc content-wysiwyg\">\n<div class=\"clearfix text-formatted field field--name-body field--type-text-with-summary field--label-hidden field__item\">\n<section class=\"cnim-block cnim-block-intro text-black background-grey\">\n<div class=\"container-medium\">\n<p class=\"cnim-block-title-big\"><span>B CARR\u00c9 Photo &amp; Video<\/span><\/p>\n<p class=\"cnim-block-title-big\">Loris Delande<\/p>\n<p class=\"cnim-block-title-big\">Pierre-Louis Basset<\/p>\n<\/div>\n<\/section>\n<\/div>\n<\/div>\n<\/div>\n<\/section>\n<\/div>\n<\/div>\n<\/section>\n<\/div>\n<\/div>\n<\/div>\n<\/section>\n<\/div>\n<\/div>\n<\/section>\n<\/div>\n<\/div>\n<\/section>\n<\/section>\n<p>[\/et_pb_blurb][\/et_pb_column][\/et_pb_row][\/et_pb_section]<\/p>\n","protected":false},"excerpt":{"rendered":"<p>Merci de lire attentivement les pr\u00e9sentes modalit\u00e9s d&rsquo;utilisation du pr\u00e9sent site avant de le parcourir. En vous connectant sur ce site, vous acceptez sans r\u00e9serve les pr\u00e9sentes modalit\u00e9s. La pr\u00e9sente Politique de Protection des Donn\u00e9es Personnelles s\u2019adresse aux utilisateurs du site Internet www.olonnasurfclub.com, c\u2019est-\u00e0-dire \u00e0 toute personne qui acc\u00e8de et navigue sur ce Site, ainsi [&hellip;]<\/p>\n","protected":false},"author":1,"featured_media":0,"parent":0,"menu_order":0,"comment_status":"closed","ping_status":"closed","template":"","meta":{"_et_pb_use_builder":"on","_et_pb_old_content":"","_et_gb_content_width":""},"yoast_head":"<!-- This site is optimized with the Yoast SEO plugin v18.4.1 - https:\/\/yoast.com\/wordpress\/plugins\/seo\/ -->\n<title>Mentions l\u00e9gales | Olonna Surf Club<\/title>\n<meta name=\"robots\" content=\"index, follow, max-snippet:-1, max-image-preview:large, max-video-preview:-1\" \/>\n<link rel=\"canonical\" href=\"http:\/\/olonnasurfclub.fr\/index.php\/mentions-legales\/\" \/>\n<meta property=\"og:locale\" content=\"fr_FR\" \/>\n<meta property=\"og:type\" content=\"article\" \/>\n<meta property=\"og:title\" content=\"Mentions l\u00e9gales | Olonna Surf Club\" \/>\n<meta property=\"og:description\" content=\"Merci de lire attentivement les pr\u00e9sentes modalit\u00e9s d&#039;utilisation du pr\u00e9sent site avant de le parcourir. En vous connectant sur ce site, vous acceptez sans r\u00e9serve les pr\u00e9sentes modalit\u00e9s. La pr\u00e9sente Politique de Protection des Donn\u00e9es Personnelles s\u2019adresse aux utilisateurs du site Internet www.olonnasurfclub.com, c\u2019est-\u00e0-dire \u00e0 toute personne qui acc\u00e8de et navigue sur ce Site, ainsi [&hellip;]\" \/>\n<meta property=\"og:url\" content=\"http:\/\/olonnasurfclub.fr\/index.php\/mentions-legales\/\" \/>\n<meta property=\"og:site_name\" content=\"Olonna Surf Club\" \/>\n<meta property=\"article:modified_time\" content=\"2021-06-17T14:39:46+00:00\" \/>\n<meta name=\"twitter:card\" content=\"summary_large_image\" \/>\n<script type=\"application\/ld+json\" class=\"yoast-schema-graph\">{\"@context\":\"https:\/\/schema.org\",\"@graph\":[{\"@type\":\"WebSite\",\"@id\":\"http:\/\/olonnasurfclub.fr\/#website\",\"url\":\"http:\/\/olonnasurfclub.fr\/\",\"name\":\"Olonna Surf Club\",\"description\":\"\u00c9cole de surf\",\"potentialAction\":[{\"@type\":\"SearchAction\",\"target\":{\"@type\":\"EntryPoint\",\"urlTemplate\":\"http:\/\/olonnasurfclub.fr\/?s={search_term_string}\"},\"query-input\":\"required name=search_term_string\"}],\"inLanguage\":\"fr-FR\"},{\"@type\":\"WebPage\",\"@id\":\"http:\/\/olonnasurfclub.fr\/index.php\/mentions-legales\/#webpage\",\"url\":\"http:\/\/olonnasurfclub.fr\/index.php\/mentions-legales\/\",\"name\":\"Mentions l\u00e9gales | Olonna Surf Club\",\"isPartOf\":{\"@id\":\"http:\/\/olonnasurfclub.fr\/#website\"},\"datePublished\":\"2021-06-02T09:32:40+00:00\",\"dateModified\":\"2021-06-17T14:39:46+00:00\",\"breadcrumb\":{\"@id\":\"http:\/\/olonnasurfclub.fr\/index.php\/mentions-legales\/#breadcrumb\"},\"inLanguage\":\"fr-FR\",\"potentialAction\":[{\"@type\":\"ReadAction\",\"target\":[\"http:\/\/olonnasurfclub.fr\/index.php\/mentions-legales\/\"]}]},{\"@type\":\"BreadcrumbList\",\"@id\":\"http:\/\/olonnasurfclub.fr\/index.php\/mentions-legales\/#breadcrumb\",\"itemListElement\":[{\"@type\":\"ListItem\",\"position\":1,\"name\":\"Accueil\",\"item\":\"http:\/\/olonnasurfclub.fr\/\"},{\"@type\":\"ListItem\",\"position\":2,\"name\":\"Mentions l\u00e9gales\"}]}]}<\/script>\n<!-- \/ Yoast SEO plugin. -->","yoast_head_json":{"title":"Mentions l\u00e9gales | Olonna Surf Club","robots":{"index":"index","follow":"follow","max-snippet":"max-snippet:-1","max-image-preview":"max-image-preview:large","max-video-preview":"max-video-preview:-1"},"canonical":"http:\/\/olonnasurfclub.fr\/index.php\/mentions-legales\/","og_locale":"fr_FR","og_type":"article","og_title":"Mentions l\u00e9gales | Olonna Surf Club","og_description":"Merci de lire attentivement les pr\u00e9sentes modalit\u00e9s d'utilisation du pr\u00e9sent site avant de le parcourir. En vous connectant sur ce site, vous acceptez sans r\u00e9serve les pr\u00e9sentes modalit\u00e9s. La pr\u00e9sente Politique de Protection des Donn\u00e9es Personnelles s\u2019adresse aux utilisateurs du site Internet www.olonnasurfclub.com, c\u2019est-\u00e0-dire \u00e0 toute personne qui acc\u00e8de et navigue sur ce Site, ainsi [&hellip;]","og_url":"http:\/\/olonnasurfclub.fr\/index.php\/mentions-legales\/","og_site_name":"Olonna Surf Club","article_modified_time":"2021-06-17T14:39:46+00:00","twitter_card":"summary_large_image","schema":{"@context":"https:\/\/schema.org","@graph":[{"@type":"WebSite","@id":"http:\/\/olonnasurfclub.fr\/#website","url":"http:\/\/olonnasurfclub.fr\/","name":"Olonna Surf Club","description":"\u00c9cole de surf","potentialAction":[{"@type":"SearchAction","target":{"@type":"EntryPoint","urlTemplate":"http:\/\/olonnasurfclub.fr\/?s={search_term_string}"},"query-input":"required name=search_term_string"}],"inLanguage":"fr-FR"},{"@type":"WebPage","@id":"http:\/\/olonnasurfclub.fr\/index.php\/mentions-legales\/#webpage","url":"http:\/\/olonnasurfclub.fr\/index.php\/mentions-legales\/","name":"Mentions l\u00e9gales | Olonna Surf Club","isPartOf":{"@id":"http:\/\/olonnasurfclub.fr\/#website"},"datePublished":"2021-06-02T09:32:40+00:00","dateModified":"2021-06-17T14:39:46+00:00","breadcrumb":{"@id":"http:\/\/olonnasurfclub.fr\/index.php\/mentions-legales\/#breadcrumb"},"inLanguage":"fr-FR","potentialAction":[{"@type":"ReadAction","target":["http:\/\/olonnasurfclub.fr\/index.php\/mentions-legales\/"]}]},{"@type":"BreadcrumbList","@id":"http:\/\/olonnasurfclub.fr\/index.php\/mentions-legales\/#breadcrumb","itemListElement":[{"@type":"ListItem","position":1,"name":"Accueil","item":"http:\/\/olonnasurfclub.fr\/"},{"@type":"ListItem","position":2,"name":"Mentions l\u00e9gales"}]}]}},"_links":{"self":[{"href":"http:\/\/olonnasurfclub.fr\/index.php\/wp-json\/wp\/v2\/pages\/9126"}],"collection":[{"href":"http:\/\/olonnasurfclub.fr\/index.php\/wp-json\/wp\/v2\/pages"}],"about":[{"href":"http:\/\/olonnasurfclub.fr\/index.php\/wp-json\/wp\/v2\/types\/page"}],"author":[{"embeddable":true,"href":"http:\/\/olonnasurfclub.fr\/index.php\/wp-json\/wp\/v2\/users\/1"}],"replies":[{"embeddable":true,"href":"http:\/\/olonnasurfclub.fr\/index.php\/wp-json\/wp\/v2\/comments?post=9126"}],"version-history":[{"count":10,"href":"http:\/\/olonnasurfclub.fr\/index.php\/wp-json\/wp\/v2\/pages\/9126\/revisions"}],"predecessor-version":[{"id":9339,"href":"http:\/\/olonnasurfclub.fr\/index.php\/wp-json\/wp\/v2\/pages\/9126\/revisions\/9339"}],"wp:attachment":[{"href":"http:\/\/olonnasurfclub.fr\/index.php\/wp-json\/wp\/v2\/media?parent=9126"}],"curies":[{"name":"wp","href":"https:\/\/api.w.org\/{rel}","templated":true}]}}